{"id":1205,"date":"2023-11-23T16:40:55","date_gmt":"2023-11-23T15:40:55","guid":{"rendered":"https:\/\/matthieuchazarenc.com\/?page_id=1205"},"modified":"2026-04-15T20:12:22","modified_gmt":"2026-04-15T18:12:22","slug":"concerts","status":"publish","type":"page","link":"https:\/\/matthieuchazarenc.com\/en\/concerts\/","title":{"rendered":"CONCERTS"},"content":{"rendered":"<p>[et_pb_section fb_built=\u00a0\u00bb1&Prime; custom_padding_last_edited=\u00a0\u00bbon|phone\u00a0\u00bb admin_label=\u00a0\u00bbsection\u00a0\u00bb module_id=\u00a0\u00bbmaterials\u00a0\u00bb _builder_version=\u00a0\u00bb4.16&Prime; background_color=\u00a0\u00bb#000000&Prime; background_enable_image=\u00a0\u00bboff\u00a0\u00bb parallax=\u00a0\u00bbon\u00a0\u00bb custom_padding=\u00a0\u00bb0px|0px|0px|0px\u00a0\u00bb custom_padding_tablet=\u00a0\u00bb\u00a0\u00bb custom_padding_phone=\u00a0\u00bb\u00a0\u00bb link_option_url=\u00a0\u00bb#shop\u00a0\u00bb width_unit=\u00a0\u00bboff\u00a0\u00bb global_colors_info=\u00a0\u00bb{}\u00a0\u00bb][et_pb_row _builder_version=\u00a0\u00bb4.16&Prime; _module_preset=\u00a0\u00bbdefault\u00a0\u00bb global_colors_info=\u00a0\u00bb{}\u00a0\u00bb][et_pb_column type=\u00a0\u00bb4_4&Prime; _builder_version=\u00a0\u00bb4.16&Prime; _module_preset=\u00a0\u00bbdefault\u00a0\u00bb global_colors_info=\u00a0\u00bb{}\u00a0\u00bb][et_pb_image src=\u00a0\u00bbhttps:\/\/matthieuchazarenc.com\/wp-content\/uploads\/2026\/01\/DSC_1557.jpeg\u00a0\u00bb title_text=\u00a0\u00bbCr\u00e9dit photos : Arnaud Diemer\u00a0\u00bb force_fullwidth=\u00a0\u00bbon\u00a0\u00bb _builder_version=\u00a0\u00bb4.16&Prime; _module_preset=\u00a0\u00bbdefault\u00a0\u00bb global_colors_info=\u00a0\u00bb{}\u00a0\u00bb][\/et_pb_image][et_pb_text _builder_version=\u00a0\u00bb4.16&Prime; _module_preset=\u00a0\u00bbdefault\u00a0\u00bb min_height=\u00a0\u00bb1833px\u00a0\u00bb custom_padding=\u00a0\u00bb44px|||||\u00a0\u00bb global_colors_info=\u00a0\u00bb{}\u00a0\u00bb]<\/p>\n<div><\/div>\n<div>\n<ul>\n<li>\n<p class=\"p1\"><span style=\"color: #ffffff;\"><span class=\"s1\"><b>14.12.2025<\/b><\/span> : ECHOES of FLAMINGO Mathias Levy \/ Laurent Coulondre \/ J\u00e9r\u00e9my Bruy\u00e8re Captation publique Auditorium Conservatoire de Saint-Cloud (92)<\/span><\/p>\n<\/li>\n<li>\n<p class=\"p1\"><span style=\"color: #ffffff;\"><span class=\"s1\"><b>18.12.2025<\/b><\/span> : Fran\u00e7ois Thuillier \/ Anthony Caillet TRIO \u2013 Tournage clip, Studio la Menuiserie, Noisy-le-Sec (93)<\/span><\/p>\n<\/li>\n<li>\n<p class=\"p1\"><span style=\"color: #ffffff;\"><span class=\"s1\"><b>08.01.2026<\/b><\/span> : Intervention Centre des Musiques Didier Lockwood \u00c9vry-Courcouronnes (91)<\/span><\/p>\n<\/li>\n<li>\n<p class=\"p1\"><span style=\"color: #ffffff;\"><span class=\"s1\"><b>10.01.2026<\/b><\/span> : Baptiste Herbin Django TRIO \u2013 Fest Jazz \u00e0 Saint-Saturnin (16)<\/span><\/p>\n<\/li>\n<li>\n<p class=\"p1\"><span style=\"color: #ffffff;\"><span class=\"s1\"><b>17.01.2026<\/b><\/span> : Baptiste Herbin Django TRIO \u2013 Th\u00e9\u00e2tre de l\u2019Usine, Saint-C\u00e9r\u00e9 (46)<\/span><\/p>\n<\/li>\n<li>\n<p class=\"p1\"><span style=\"color: #ffffff;\"><span class=\"s1\"><b>24.01.2026<\/b><\/span> : DUO avec Laurent Derache \u2013 Jazz Off Eymet (47)<\/span><\/p>\n<\/li>\n<li>\n<p class=\"p1\"><span style=\"color: #ffffff;\"><span class=\"s1\"><b>30.01.2026<\/b><\/span> : Baptiste Herbin Django TRIO \u2013 B\u00e9ziers (34)<\/span><\/p>\n<\/li>\n<li>\n<p class=\"p1\"><span style=\"color: #ffffff;\"><span class=\"s1\"><b>31.01.2026<\/b><\/span> : Orchestre Appassionato Mathieu Herzog \u2013 La Seine Musicale, Paris<\/span><\/p>\n<\/li>\n<li>\n<p class=\"p1\"><span style=\"color: #ffffff;\"><span class=\"s1\"><b>13.02.2026<\/b><\/span> : Hugues Aufray TOUR \u2013 Mont\u00e9limar (26)<\/span><\/p>\n<\/li>\n<li>\n<p class=\"p1\"><span style=\"color: #ffffff;\"><span class=\"s1\"><b>14.02.2026<\/b><\/span> : Baptiste Herbin Django TRIO \u2013 Pierrelaye (95)<\/span><\/p>\n<\/li>\n<li>\n<p class=\"p1\"><span style=\"color: #ffffff;\"><span class=\"s1\"><b>24.02.2026<\/b><\/span> : Fran\u00e7ois Thuillier \/ Anthony Caillet TRIO \u2013 Eaubonne Jazz (95)<\/span><\/p>\n<\/li>\n<li>\n<p class=\"p1\"><span style=\"color: #ffffff;\"><span class=\"s1\"><b>27.02.2026<\/b><\/span> : Hugues Aufray TOUR \u2013 Clermont-Ferrand (63)<\/span><\/p>\n<\/li>\n<li>\n<p class=\"p1\"><span style=\"color: #ffffff;\"><span class=\"s1\"><b>07.03.2026<\/b><\/span> : Hugues Aufray TOUR \u2013 Tours (37)<\/span><\/p>\n<\/li>\n<li><span style=\"color: #ffffff;\"><strong>13.03.2026<\/strong> : Vincent Balse\/ Bridget Bazile Sancy Snow Jazz Festival (63)<\/span><\/li>\n<li>\n<p class=\"p1\"><span style=\"color: #ffffff;\"><span class=\"s1\"><b>26.03.2026<\/b><\/span> : Vincent Balse \/ Bridget Bazile \u2013 South Town Jazz Festival (40)<\/span><\/p>\n<\/li>\n<li>\n<p class=\"p1\"><span style=\"color: #ffffff;\"><span class=\"s1\"><b>27.03.2026<\/b><\/span> : Hugues Aufray TOUR \u2013 Grenoble (38)<\/span><\/p>\n<\/li>\n<li>\n<p class=\"p1\"><span style=\"color: #ffffff;\"><span class=\"s1\"><b>28.03.2026<\/b><\/span> : Hugues Aufray TOUR \u2013 Barbi\u00e8res (26)<\/span><\/p>\n<\/li>\n<li><span style=\"color: #ffffff;\"><strong>01.04.2026<\/strong> : Baptiste Herbin Django TRIO Le Chabada Angers (49)<\/span><\/li>\n<li>\n<p class=\"p1\"><span style=\"color: #ffffff;\"><span class=\"s1\"><b>12.04.2026<\/b><\/span> : Hugues Aufray TOUR \u2013 Le Mans (72)<\/span><\/p>\n<\/li>\n<li>\n<p class=\"p1\"><span style=\"color: #ffffff;\"><span class=\"s1\"><b>16.04.2026<\/b><\/span> : ECHOES of FLAMINGO Mathias Levy \/ Laurent Coulondre \/ J\u00e9r\u00e9my Bruy\u00e8re Centre des Musiques Didier Lockwood (Le Club), \u00c9vry-Courcouronnes (91)<\/span><\/p>\n<\/li>\n<li>\n<p class=\"p1\"><span style=\"color: #ffffff;\"><strong><span class=\"s1\">17.04.2026<\/span> : Matthieu Chazarenc CANTO \u2013 Sunset Sunside Jazz Club, Paris (75)<\/strong><\/span><\/p>\n<\/li>\n<li>\n<p class=\"p1\"><span style=\"color: #ffffff;\"><span class=\"s1\"><b>18.04.2026<\/b><\/span> : Matthieu Chazarenc CANTO \u2013 Mainz Jazz Initiative (DE)<\/span><\/p>\n<\/li>\n<li>\n<p class=\"p1\"><span style=\"color: #ffffff;\"><span class=\"s1\"><b>23.04.2026<\/b><\/span> : DUO avec Laurent Derache \u2013 Saint-Pair-sur-Mer (50)<\/span><\/p>\n<\/li>\n<li>\n<p class=\"p1\"><span style=\"color: #ffffff;\"><span class=\"s1\"><b>24.04.2026<\/b><\/span> : Hugues Aufray TOUR \u2013 Mouilleron-le-Captif (85)<\/span><\/p>\n<\/li>\n<li>\n<p class=\"p1\"><span style=\"color: #ffffff;\"><span class=\"s1\"><b>25.04.2026<\/b><\/span> : Matthieu Chazarenc CANTO \u2013 Wittlich (DE)<\/span><\/p>\n<\/li>\n<li>\n<p class=\"p1\"><span style=\"color: #ffffff;\"><span class=\"s1\"><b>26.04.2026<\/b><\/span> : Matthieu Chazarenc CANTO \u2013 Abbaye de Neimenster, Luxembourg (LUX)<\/span><\/p>\n<\/li>\n<li>\n<p class=\"p1\"><span style=\"color: #ffffff;\"><span class=\"s1\"><b>27.04.2026<\/b><\/span> : Matthieu Chazarenc CANTO \u2013 Koblenz, Caf\u00e9 Hahn (DE)<\/span><\/p>\n<\/li>\n<li>\n<p class=\"p1\"><span style=\"color: #ffffff;\"><span class=\"s1\"><b>03.05.2026<\/b><\/span> : Hugues Aufray TOUR \u2013 Saint-Omer (62)<\/span><\/p>\n<\/li>\n<li>\n<p class=\"p1\"><span style=\"color: #ffffff;\"><span class=\"s1\"><b>04.05.2026<\/b><\/span> : Hugues Aufray TOUR \u2013 Roubaix (59)<\/span><\/p>\n<\/li>\n<li>\n<p class=\"p1\"><span style=\"color: #ffffff;\"><span class=\"s1\"><b>06.05.2026<\/b><\/span> : Baptiste Herbin Django TRIO \u2013 Toulouse, Le Taquin<\/span><\/p>\n<\/li>\n<li>\n<p class=\"p1\"><span style=\"color: #ffffff;\"><span class=\"s1\"><b>07.05.2026<\/b><\/span> : Baptiste Herbin Django TRIO \u2013 Marseille, La Caverne (13)<\/span><\/p>\n<\/li>\n<li>\n<p><strong>08.05.2026<\/strong> : Benjamin Lackner ECM Quintet Zig Zag Jazz Club Berlin (DE)<\/p>\n<\/li>\n<li>\n<p><span style=\"font-size: 14px;\"><strong>09.05.2026<\/strong> : Benjamin Lackner ECM Quintet <\/span>Blue Note Poznan (PL)<\/p>\n<\/li>\n<li>\n<p><span style=\"font-size: 14px;\"><strong>10.05.2026<\/strong> : Benjamin Lackner ECM Quintet Monk Jazz Club Gdansk Danzig (PL)<\/span><\/p>\n<\/li>\n<li><span style=\"font-size: 14px;\"><strong>12.05.2026<\/strong> : Benjamin Lackner ECM Project Blue Note Milano (IT)<\/span><\/li>\n<li>\n<p><span style=\"font-size: 14px;\"><\/span><span style=\"font-size: 14px;\"><strong>13.05.2026<\/strong> : Benjamin Lackner ECM Quintet <\/span>LAB 3 Biebertal (DE)<\/p>\n<\/li>\n<li>\n<p><span style=\"font-size: 14px;\"><strong>14.05.2026<\/strong> : Benjamin Lackner ECM Quintet <\/span>Frankfurter Hof Mainz (DE)<\/p>\n<\/li>\n<li>\n<p><span style=\"font-size: 14px;\"><strong>15.05.2026<\/strong> : Benjamin Lackner ECM Quintet Ella &amp; Louis Mannheim (DE)<\/span><\/p>\n<\/li>\n<li>\n<p><span style=\"font-size: 14px;\"><\/span><span style=\"font-size: 14px;\"><strong>16.05.2026<\/strong> : Benjamin Lackner ECM Quintet LantarenVenster <\/span>Rotterdam (NL)<\/p>\n<\/li>\n<li>\n<p class=\"p1\"><span style=\"color: #ffffff;\"><span class=\"s1\"><b>19.05.2026<\/b><\/span> : Hugues Aufray TOUR \u2013 Nantes (44)<\/span><\/p>\n<\/li>\n<li>\n<p class=\"p1\"><span style=\"color: #ffffff;\"><span class=\"s1\"><b>20.05.2026<\/b><\/span> : DUO avec Laurent Derache \u2013 Weltecho Chemnitz (DE)<\/span><\/p>\n<\/li>\n<li>\n<p class=\"p1\"><span style=\"color: #ffffff;\"><span class=\"s1\"><b>21.05.2026<\/b><\/span> : Matthieu Chazarenc CANTO \u2013 Hamburg, Halle 424 (DE)<\/span><\/p>\n<\/li>\n<li>\n<p class=\"p1\"><span style=\"color: #ffffff;\"><span class=\"s1\"><b>22.05.2026<\/b><\/span> : Matthieu Chazarenc CANTO \u2013 Jazztone L\u00f6rrach (DE)<\/span><\/p>\n<\/li>\n<li>\n<p class=\"p1\"><span style=\"color: #ffffff;\"><span class=\"s1\"><b>23.05.2026<\/b><\/span> : Matthieu Chazarenc CANTO \u2013 Jazz Club Heidelberg e.V. (DE)<\/span><\/p>\n<\/li>\n<li><span style=\"color: #ffffff;\"><span class=\"s1\"><b>28.05.2026<\/b><\/span> : Hugues Aufray TOUR &#8211; Madrid<\/span><\/li>\n<li><span style=\"color: #ffffff;\"><span class=\"s1\"><b>29.05.2026<\/b><\/span> : Hugues Aufray TOUR &#8211; Madrid <\/span><\/li>\n<li><span style=\"color: #ffffff;\"><span class=\"s1\"><b>30.05.2026<\/b><\/span> : Hugues Aufray TOUR &#8211; Madrid<\/span><\/li>\n<li><span style=\"color: #ffffff;\"><strong>11.06.2026<\/strong> : Julien Beaudiment\/ Bruno Fontaine \u00ab California Dreamin\u2019 \u00bb Festival des Abbaye (40)<\/span><\/li>\n<li><span class=\"s1\" style=\"font-size: 14px;\"><b>12.06.2026<\/b><\/span><span style=\"font-size: 14px;\"> : ECHOES of FLAMINGO Mathias Levy \/ Laurent Coulondre \/ J\u00e9r\u00e9my Bruy\u00e8re Festival des Abbayes (40)<\/span><\/li>\n<li>\n<p class=\"p1\"><span style=\"color: #ffffff;\"><span class=\"s1\"><b>15.06.2026<\/b><\/span> : Recording Benjamin Lackner ECM \u2013 New Album, Studio La Buissonne (84)<\/span><\/p>\n<\/li>\n<li>\n<p class=\"p1\"><span style=\"color: #ffffff;\"><span class=\"s1\"><b>16.06.2026<\/b><\/span> : Recording Benjamin Lackner ECM \u2013 New Album, Studio La Buissonne (84)<\/span><\/p>\n<\/li>\n<li>\n<p><strong>19.06.2026<\/strong> : r\u00e9sidence \u00abNino \u00bb DUO avec Laurent Derache Le Petit Duc Aix en Provence (13)<\/p>\n<\/li>\n<li>\n<p><strong>20.06.2026<\/strong> : r\u00e9sidence \u00abNino \u00bb DUO avec Laurent Derache Le Petit Duc Aix en Provence (13)<\/p>\n<\/li>\n<li>\n<p class=\"p1\"><span style=\"color: #ffffff;\"><span class=\"s1\"><b>26.06.2026<\/b><\/span> : ECHOES of FLAMINGO Mathias Levy \/ Laurent Coulondre \/ J\u00e9r\u00e9my Bruy\u00e8re. Concert au caveau, Hermonville (51)<\/span><\/p>\n<\/li>\n<li>\n<p class=\"p1\"><span style=\"color: #ffffff;\"><span class=\"s1\"><b>27.06.2026<\/b><\/span> : Baptiste Herbin Django TRIO \u2013 Fest Sauva\u2019Jazz (47)<\/span><\/p>\n<\/li>\n<li>\n<p><strong>29.06.2026<\/strong> : ECHOES of FLAMINGO Mathias Levy\/ Laurent Coulondre\/ J\u00e9r\u00e9my Bruy\u00e8re Recording Studio Label Bleu Amiens (80)<\/p>\n<\/li>\n<li>\n<p><span style=\"font-size: 14px;\"><strong>30.06.2026<\/strong> : ECHOES of FLAMINGO Mathias Levy\/ Laurent Coulondre\/ J\u00e9r\u00e9my Bruy\u00e8re Recording Studio Label Bleu Amiens (80)<\/span><\/p>\n<\/li>\n<li>\n<p><span style=\"font-size: 14px;\"><\/span><span style=\"font-size: 14px;\"><strong>01.07.2026<\/strong> : ECHOES of FLAMINGO Mathias Levy\/ Laurent Coulondre\/ J\u00e9r\u00e9my Bruy\u00e8re <\/span>Recording Studio Label Bleu Amiens (80)<\/p>\n<\/li>\n<li><span style=\"color: #ffffff;\"><strong>08.07.2026<\/strong> : Baptiste, Herbin TRIO Django Chinon (37)<\/span><\/li>\n<li>\n<p class=\"p1\"><span style=\"color: #ffffff;\"><span class=\"s1\"><b>13.07.2026<\/b><\/span> : Hugues Aufray TOUR \u2013 Francofolies de La Rochelle (17)\u00a0<\/span><\/p>\n<\/li>\n<li>\n<p class=\"p1\"><span style=\"color: #ffffff;\"><span class=\"s1\"><b>16.07.2026 \u2013 17.07.2026<\/b><\/span> : <span>R\u00e9p\u00e9titions Orchestre Appassionato Mathieu Herzog Seine Musicale Boulogne-Billancourt (92)<\/span><\/span><\/p>\n<\/li>\n<li>\n<p class=\"p1\"><span style=\"color: #ffffff;\"><strong>18.07.2026<\/strong> : Orchestre Appassionato Mathieu Herzog \u2013 Festival de Glanum (13) \u2013 TBC<\/span><\/p>\n<\/li>\n<li>\n<p class=\"p1\"><span style=\"color: #ffffff;\"><span class=\"s1\"><b>01.08.2026<\/b><\/span> : Matthieu Chazarenc CANTO \u2013 Festival Music-Ancy (89)<\/span><\/p>\n<\/li>\n<li>\n<p class=\"p1\"><span style=\"color: #ffffff;\"><\/span><span class=\"s1\" style=\"font-size: 14px;\"><b>11.08.2026<\/b><\/span><span style=\"font-size: 14px;\"> : Baptiste Herbin Django TRIO \u2013 Fest Musicales du Golfe, Ploemel (56)<\/span><\/p>\n<\/li>\n<li><strong><span style=\"font-size: 14px;\">24.08.2026 : Baptiste Herbin Django TRIO Nova Gorica Slov\u00e9nie (SVN)<\/span><\/strong><\/li>\n<li><span style=\"font-size: 14px;\"><strong>29.08.2026<\/strong> : Baptiste Herbin Django TRIO Fest Jazz en Place Dinan (22)<\/span><\/li>\n<li>\n<p><strong>04.09.2026<\/strong> : Baptiste Herbin TRIO Django Tous en Sc\u00e8ne Condom (32)<\/p>\n<\/li>\n<li>\n<p><strong>05.09.2026<\/strong> : Baptiste Herbin TRIO Django Festival les Nuits d\u2019Hure (33)<\/p>\n<\/li>\n<li>\n<p class=\"p1\"><span style=\"color: #ffffff;\"><span class=\"s1\"><b>06.09.2026<\/b><\/span> : ECHOES of FLAMINGO Mathias Levy \/ Laurent Coulondre \/ J\u00e9r\u00e9my Bruy\u00e8re Festival Musique \u00e0 Espanels (82)<\/span><\/p>\n<\/li>\n<li><span style=\"color: #ffffff;\"><strong>30.09.2026<\/strong> : DUO avec Laurent Derache Le Tech (33) TBC<\/span><\/li>\n<li><span class=\"s1\" style=\"font-size: 14px;\"><b>02.10.2026<\/b><\/span><span style=\"font-size: 14px;\"> : DUO avec Laurent Derache \u2013 Jazz Partner, Capbreton (40)<\/span><\/li>\n<li><span><span class=\"s1\"><b>03.10.2026<\/b><\/span> : DUO avec Laurent Derache \u2013 Journ\u00e9e Master Classe, Tarnos (40)<\/span><\/li>\n<li>\n<p><strong>08.10.2026<\/strong> : Benjamin Lackner TRIO : Ch\u00e2teau de Ferrassou Saint Sylvestre sur Lot (47)<\/p>\n<\/li>\n<li>\n<p><span style=\"font-size: 14px;\"><strong>09.10.2026<\/strong> : <\/span>Benjamin Lackner TRIO Tous en Sc\u00e8ne Condom (32)<\/p>\n<\/li>\n<li>\n<p><span style=\"font-size: 14px;\"><strong>10.10.2026<\/strong> : Benjamin Lackner TRIO + guests Eric S\u00e9va \/ Yoann Loustalot Festival Jazz et Garonne Marmande (47)<\/span><\/p>\n<\/li>\n<li>\n<p class=\"p1\"><span style=\"color: #ffffff;\"><span class=\"s1\"><b>16.10.2026<\/b><\/span> : DUO avec Laurent Derache \u2013 Jazz Club Oloron (64)<\/span><\/p>\n<\/li>\n<li>\n<p class=\"p1\"><span style=\"color: #ffffff;\"><span class=\"s1\"><b>17.10.2026<\/b><\/span> : DUO avec Laurent Derache \u2013 Master Classe, Conservatoire de Tarbes \/ Maison des Associations (64)<\/span><\/p>\n<\/li>\n<li><span style=\"color: #ffffff;\"><strong>08.11.2026<\/strong> : Benjamin Lackner ECM Quintet Jazzhaus Freiburg (DE)<\/span><\/li>\n<li>\n<p class=\"p1\"><span style=\"color: #ffffff;\"><span class=\"s1\"><b>12.11.2026 \u2013 15.11.2026<\/b><\/span> : Orchestre Appassionato Mathieu Herzog \u2013 Annecy (74)\u00a0<\/span><\/p>\n<\/li>\n<li><span style=\"color: #ffffff;\"><span class=\"s1\"><b>25.11.2026<\/b><\/span> : DUO avec Laurent Derache \u2013 Le Petit Duc Aix en Provence (13)<\/span><\/li>\n<li>\n<p class=\"p1\"><span style=\"color: #ffffff;\"><span class=\"s1\"><b>26.11.2026<\/b><\/span> : DUO avec Laurent Derache \u2013 Jazz Club Grenoble (38)<\/span><\/p>\n<\/li>\n<li>\n<p class=\"p1\"><span style=\"color: #ffffff;\"><span class=\"s1\"><b>27.11.2026<\/b><\/span> : DUO avec Laurent Derache \u2013 Jazz Club Chamb\u00e9ry (73)<\/span><\/p>\n<\/li>\n<li>\n<p class=\"p1\"><span style=\"color: #ffffff;\"><span class=\"s1\"><b>28.11.2026<\/b><\/span> : DUO avec Laurent Derache \u2013 Le Solar, Saint-\u00c9tienne (42)<\/span><\/p>\n<\/li>\n<li>\n<p class=\"p1\"><span style=\"color: #ffffff;\"><span class=\"s1\"><b>05.12.2026<\/b><\/span> : ECHOES of FLAMINGO Mathias Levy \/ Laurent Coulondre \/ J\u00e9r\u00e9my Bruy\u00e8re Chorus Jazz Club, Lausanne (CH)<\/span><\/p>\n<\/li>\n<li>\n<p class=\"p1\"><span style=\"color: #ffffff;\"><span class=\"s1\"><b>12.12.2026<\/b><\/span> : DUO avec Laurent Derache \u2013 Th\u00e9\u00e2tre de Caen (14)<\/span><\/p>\n<\/li>\n<li><span style=\"color: #ffffff;\"><strong>16.12.2026<\/strong> : ECHOES of FLAMINGO Mathias Levy\/ Laurent Coulondre\/ J\u00e9r\u00e9my Bruy\u00e8re Le Bal Blomet Paris (75)<\/span><\/li>\n<li><span style=\"color: #ffffff;\"><strong>09.01.2027<\/strong> : Fran\u00e7ois Tissot \u00ab la clarinette fait son cin\u00e9ma \u00bb Conservatoire Rayonnement R\u00e9gional Versailles Grand Parc (78)<\/span><\/li>\n<li><span style=\"color: #ffffff;\"><strong>10.01.2027<\/strong> : Fran\u00e7ois Tissot \u00ab la clarinette fait son cin\u00e9ma \u00bb Conservatoire Rayonnement R\u00e9gional Versailles Grand Parc (78)<\/span><\/li>\n<li><strong>31.01.2027<\/strong> : <span>R\u00e9p\u00e9titions Orchestre Appassionato Mathieu Herzog Seine Musicale Boulogne-Billancourt (92)<\/span><span style=\"color: #ffffff;\"><\/span><\/li>\n<li>\n<p class=\"p1\"><span style=\"color: #ffffff;\"><span class=\"s1\"><b>01.02.2027 \u2013 03.02.2027<\/b><\/span> : Orchestre Appassionato Mathieu Herzog \u2013 Seine Musicale, Boulogne-Billancourt (92)\u00a0<\/span><\/p>\n<\/li>\n<li>\n<p class=\"p1\"><span style=\"color: #ffffff;\"><span class=\"s1\"><b>26.02.2027<\/b><\/span> : ECHOES of FLAMINGO Mathias Levy \/ Laurent Coulondre \/ J\u00e9r\u00e9my Bruy\u00e8re Jazz au Palais, Royan (17)<\/span><\/p>\n<\/li>\n<li><span style=\"color: #ffffff;\"><strong>16.04.2027<\/strong> : Benjamin Lackner ECM new project release concert Paradox Tilburg (NL)<\/span><strong style=\"font-size: 14px;\"><\/strong><\/li>\n<\/ul>\n<p><span style=\"color: #ffffff;\"><\/span><\/p>\n<p>Cr\u00e9dits photos: Arnaud Diemer<span style=\"color: #ffffff;\"><\/span><\/p>\n<p class=\"p1\">\n<\/div>\n<p>[\/et_pb_text][\/et_pb_column][\/et_pb_row][et_pb_row _builder_version=\u00a0\u00bb4.16&Prime; _module_preset=\u00a0\u00bbdefault\u00a0\u00bb custom_padding=\u00a0\u00bb0px|||||\u00a0\u00bb global_colors_info=\u00a0\u00bb{}\u00a0\u00bb][et_pb_column type=\u00a0\u00bb4_4&Prime; _builder_version=\u00a0\u00bb4.16&Prime; _module_preset=\u00a0\u00bbdefault\u00a0\u00bb global_colors_info=\u00a0\u00bb{}\u00a0\u00bb][\/et_pb_column][\/et_pb_row][\/et_pb_section][et_pb_section fb_built=\u00a0\u00bb1&Prime; custom_padding_last_edited=\u00a0\u00bbon|phone\u00a0\u00bb admin_label=\u00a0\u00bbsection\u00a0\u00bb module_id=\u00a0\u00bbmaterials\u00a0\u00bb _builder_version=\u00a0\u00bb4.16&Prime; background_color=\u00a0\u00bb#000000&Prime; background_enable_image=\u00a0\u00bboff\u00a0\u00bb parallax=\u00a0\u00bbon\u00a0\u00bb custom_padding=\u00a0\u00bb0px|0px|0px|0px\u00a0\u00bb custom_padding_tablet=\u00a0\u00bb\u00a0\u00bb custom_padding_phone=\u00a0\u00bb\u00a0\u00bb link_option_url=\u00a0\u00bb#shop\u00a0\u00bb width_unit=\u00a0\u00bboff\u00a0\u00bb global_colors_info=\u00a0\u00bb{}\u00a0\u00bb][et_pb_row _builder_version=\u00a0\u00bb4.16&Prime; _module_preset=\u00a0\u00bbdefault\u00a0\u00bb global_colors_info=\u00a0\u00bb{}\u00a0\u00bb][et_pb_column type=\u00a0\u00bb4_4&Prime; _builder_version=\u00a0\u00bb4.16&Prime; _module_preset=\u00a0\u00bbdefault\u00a0\u00bb global_colors_info=\u00a0\u00bb{}\u00a0\u00bb][\/et_pb_column][\/et_pb_row][\/et_pb_section]<\/p>","protected":false},"excerpt":{"rendered":"<p>14.12.2025 : ECHOES of FLAMINGO Mathias Levy \/ Laurent Coulondre \/ J\u00e9r\u00e9my Bruy\u00e8re Captation publique Auditorium Conservatoire de Saint-Cloud (92) 18.12.2025 : Fran\u00e7ois Thuillier \/ Anthony Caillet TRIO \u2013 Tournage clip, Studio la Menuiserie, Noisy-le-Sec (93) 08.01.2026 : Intervention Centre des Musiques Didier Lockwood \u00c9vry-Courcouronnes (91) 10.01.2026 : Baptiste Herbin Django TRIO \u2013 Fest Jazz [&hellip;]<\/p>","protected":false},"author":1,"featured_media":0,"parent":0,"menu_order":0,"comment_status":"closed","ping_status":"closed","template":"","meta":{"_et_pb_use_builder":"on","_et_pb_old_content":"","_et_gb_content_width":"","footnotes":""},"class_list":["post-1205","page","type-page","status-publish","hentry"],"jetpack_sharing_enabled":true,"_links":{"self":[{"href":"https:\/\/matthieuchazarenc.com\/en\/wp-json\/wp\/v2\/pages\/1205","targetHints":{"allow":["GET"]}}],"collection":[{"href":"https:\/\/matthieuchazarenc.com\/en\/wp-json\/wp\/v2\/pages"}],"about":[{"href":"https:\/\/matthieuchazarenc.com\/en\/wp-json\/wp\/v2\/types\/page"}],"author":[{"embeddable":true,"href":"https:\/\/matthieuchazarenc.com\/en\/wp-json\/wp\/v2\/users\/1"}],"replies":[{"embeddable":true,"href":"https:\/\/matthieuchazarenc.com\/en\/wp-json\/wp\/v2\/comments?post=1205"}],"version-history":[{"count":180,"href":"https:\/\/matthieuchazarenc.com\/en\/wp-json\/wp\/v2\/pages\/1205\/revisions"}],"predecessor-version":[{"id":2447,"href":"https:\/\/matthieuchazarenc.com\/en\/wp-json\/wp\/v2\/pages\/1205\/revisions\/2447"}],"wp:attachment":[{"href":"https:\/\/matthieuchazarenc.com\/en\/wp-json\/wp\/v2\/media?parent=1205"}],"curies":[{"name":"wp","href":"https:\/\/api.w.org\/{rel}","templated":true}]}}